{"id":1548,"date":"2023-10-20T10:54:55","date_gmt":"2023-10-20T08:54:55","guid":{"rendered":"https:\/\/www.jfvalls.com\/?page_id=1548"},"modified":"2024-10-24T09:57:30","modified_gmt":"2024-10-24T07:57:30","slug":"obra-acabada","status":"publish","type":"page","link":"https:\/\/www.jfvalls.com\/es\/obra-acabada\/","title":{"rendered":"Obra acabada"},"content":{"rendered":"\t\t<div data-elementor-type=\"wp-page\" data-elementor-id=\"1548\" class=\"elementor elementor-1548\" data-elementor-post-type=\"page\">\n\t\t\t\t\t\t<section class=\"elementor-section elementor-top-section elementor-element elementor-element-a396c45 elementor-section-stretched elementor-section-full_width elementor-section-height-default elementor-section-height-default\" data-id=\"a396c45\" data-element_type=\"section\" data-settings=\"{&quot;stretch_section&quot;:&quot;section-stretched&quot;,&quot;background_background&quot;:&quot;classic&quot;}\">\n\t\t\t\t\t\t<div class=\"elementor-container elementor-column-gap-wider\">\n\t\t\t\t\t<div class=\"elementor-column elementor-col-50 elementor-top-column elementor-element elementor-element-7791858\" data-id=\"7791858\" data-element_type=\"column\">\n\t\t\t<div class=\"elementor-widget-wrap elementor-element-populated\">\n\t\t\t\t\t\t<section class=\"elementor-section elementor-inner-section elementor-element elementor-element-f259f64 elementor-section-boxed elementor-section-height-default elementor-section-height-default\" data-id=\"f259f64\" data-element_type=\"section\" data-settings=\"{&quot;background_background&quot;:&quot;classic&quot;}\">\n\t\t\t\t\t\t<div class=\"elementor-container elementor-column-gap-default\">\n\t\t\t\t\t<div class=\"elementor-column elementor-col-100 elementor-inner-column elementor-element elementor-element-1432a52\" data-id=\"1432a52\" data-element_type=\"column\">\n\t\t\t<div class=\"elementor-widget-wrap elementor-element-populated\">\n\t\t\t\t\t\t<div class=\"elementor-element elementor-element-bb48aab elementor-widget elementor-widget-text-editor\" data-id=\"bb48aab\" data-element_type=\"widget\" data-widget_type=\"text-editor.default\">\n\t\t\t\t<div class=\"elementor-widget-container\">\n\t\t\t\t\t\t\t<p>Obra acabada<\/p>\t\t\t\t\t\t<\/div>\n\t\t\t\t<\/div>\n\t\t\t\t<div class=\"elementor-element elementor-element-24f1111 elementor-widget elementor-widget-text-editor\" data-id=\"24f1111\" data-element_type=\"widget\" data-widget_type=\"text-editor.default\">\n\t\t\t\t<div class=\"elementor-widget-container\">\n\t\t\t\t\t\t\t<p>Descubre todas nuestras construcciones realizadas en los \u00faltimos a\u00f1os<\/p>\t\t\t\t\t\t<\/div>\n\t\t\t\t<\/div>\n\t\t\t\t\t<\/div>\n\t\t<\/div>\n\t\t\t\t\t<\/div>\n\t\t<\/section>\n\t\t\t\t\t<\/div>\n\t\t<\/div>\n\t\t\t\t<div class=\"elementor-column elementor-col-50 elementor-top-column elementor-element elementor-element-b43ae59\" data-id=\"b43ae59\" data-element_type=\"column\" data-settings=\"{&quot;background_background&quot;:&quot;classic&quot;}\">\n\t\t\t<div class=\"elementor-widget-wrap elementor-element-populated\">\n\t\t\t\t\t\t<div class=\"elementor-element elementor-element-bac8f2a elementor-widget elementor-widget-spacer\" data-id=\"bac8f2a\" data-element_type=\"widget\" data-widget_type=\"spacer.default\">\n\t\t\t\t<div class=\"elementor-widget-container\">\n\t\t\t\t\t<div class=\"elementor-spacer\">\n\t\t\t<div class=\"elementor-spacer-inner\"><\/div>\n\t\t<\/div>\n\t\t\t\t<\/div>\n\t\t\t\t<\/div>\n\t\t\t\t\t<\/div>\n\t\t<\/div>\n\t\t\t\t\t<\/div>\n\t\t<\/section>\n\t\t\t\t<section class=\"elementor-section elementor-top-section elementor-element elementor-element-e6eb08d elementor-section-full_width elementor-section-stretched elementor-section-height-default elementor-section-height-default\" data-id=\"e6eb08d\" data-element_type=\"section\" data-settings=\"{&quot;stretch_section&quot;:&quot;section-stretched&quot;}\">\n\t\t\t\t\t\t<div class=\"elementor-container elementor-column-gap-default\">\n\t\t\t\t\t<div class=\"elementor-column elementor-col-50 elementor-top-column elementor-element elementor-element-e928780\" data-id=\"e928780\" data-element_type=\"column\">\n\t\t\t<div class=\"elementor-widget-wrap elementor-element-populated\">\n\t\t\t\t\t\t<div class=\"elementor-element elementor-element-f908b1e elementor-widget elementor-widget-image\" data-id=\"f908b1e\" data-element_type=\"widget\" data-widget_type=\"image.default\">\n\t\t\t\t<div class=\"elementor-widget-container\">\n\t\t\t\t\t\t\t\t\t\t\t\t\t<img fetchpriority=\"high\" decoding=\"async\" width=\"1024\" height=\"819\" src=\"https:\/\/www.jfvalls.com\/wp-content\/uploads\/2024\/10\/render-jfvalls-1024x819-1-2.jpg\" class=\"attachment-full size-full wp-image-2535\" alt=\"\" srcset=\"https:\/\/www.jfvalls.com\/wp-content\/uploads\/2024\/10\/render-jfvalls-1024x819-1-2.jpg 1024w, https:\/\/www.jfvalls.com\/wp-content\/uploads\/2024\/10\/render-jfvalls-1024x819-1-2-300x240.jpg 300w, https:\/\/www.jfvalls.com\/wp-content\/uploads\/2024\/10\/render-jfvalls-1024x819-1-2-768x614.jpg 768w, https:\/\/www.jfvalls.com\/wp-content\/uploads\/2024\/10\/render-jfvalls-1024x819-1-2-183x146.jpg 183w, https:\/\/www.jfvalls.com\/wp-content\/uploads\/2024\/10\/render-jfvalls-1024x819-1-2-50x40.jpg 50w, https:\/\/www.jfvalls.com\/wp-content\/uploads\/2024\/10\/render-jfvalls-1024x819-1-2-94x75.jpg 94w\" sizes=\"(max-width: 1024px) 100vw, 1024px\" \/>\t\t\t\t\t\t\t\t\t\t\t\t\t<\/div>\n\t\t\t\t<\/div>\n\t\t\t\t<div class=\"elementor-element elementor-element-6b02e4f elementor-widget elementor-widget-text-editor\" data-id=\"6b02e4f\" data-element_type=\"widget\" data-widget_type=\"text-editor.default\">\n\t\t\t\t<div class=\"elementor-widget-container\">\n\t\t\t\t\t\t\t<h6><strong>2024\/2025<\/strong> &#8211; Edificio plurifamiliar &#8211; <b>EN CONSTRUCCI\u00d3N<\/b><\/h6><p>C\/ Dr. Robert, 14, 08620 Sant Vicen\u00e7 dels Horts<\/p>\t\t\t\t\t\t<\/div>\n\t\t\t\t<\/div>\n\t\t\t\t\t<\/div>\n\t\t<\/div>\n\t\t\t\t<div class=\"elementor-column elementor-col-50 elementor-top-column elementor-element elementor-element-b759a24\" data-id=\"b759a24\" data-element_type=\"column\">\n\t\t\t<div class=\"elementor-widget-wrap elementor-element-populated\">\n\t\t\t\t\t\t<div class=\"elementor-element elementor-element-88c2e8a elementor-widget elementor-widget-image\" data-id=\"88c2e8a\" data-element_type=\"widget\" data-widget_type=\"image.default\">\n\t\t\t\t<div class=\"elementor-widget-container\">\n\t\t\t\t\t\t\t\t\t\t\t\t\t<img decoding=\"async\" width=\"1024\" height=\"819\" src=\"https:\/\/www.jfvalls.com\/wp-content\/uploads\/2024\/10\/jfvalls-obra-acabada-11-1.png\" class=\"attachment-full size-full wp-image-2537\" alt=\"\" srcset=\"https:\/\/www.jfvalls.com\/wp-content\/uploads\/2024\/10\/jfvalls-obra-acabada-11-1.png 1024w, https:\/\/www.jfvalls.com\/wp-content\/uploads\/2024\/10\/jfvalls-obra-acabada-11-1-300x240.png 300w, https:\/\/www.jfvalls.com\/wp-content\/uploads\/2024\/10\/jfvalls-obra-acabada-11-1-768x614.png 768w, https:\/\/www.jfvalls.com\/wp-content\/uploads\/2024\/10\/jfvalls-obra-acabada-11-1-183x146.png 183w, https:\/\/www.jfvalls.com\/wp-content\/uploads\/2024\/10\/jfvalls-obra-acabada-11-1-50x40.png 50w, https:\/\/www.jfvalls.com\/wp-content\/uploads\/2024\/10\/jfvalls-obra-acabada-11-1-94x75.png 94w\" sizes=\"(max-width: 1024px) 100vw, 1024px\" \/>\t\t\t\t\t\t\t\t\t\t\t\t\t<\/div>\n\t\t\t\t<\/div>\n\t\t\t\t<div class=\"elementor-element elementor-element-9f43754 elementor-widget elementor-widget-text-editor\" data-id=\"9f43754\" data-element_type=\"widget\" data-widget_type=\"text-editor.default\">\n\t\t\t\t<div class=\"elementor-widget-container\">\n\t\t\t\t\t\t\t<h6><strong>2022<\/strong> &#8211; Edificio plurifamiliar<\/h6><p>C\/ Dr. \u00c0ngel Guimer\u00e0 43-49 Sant Vicen\u00e7 dels Horts<\/p>\t\t\t\t\t\t<\/div>\n\t\t\t\t<\/div>\n\t\t\t\t\t<\/div>\n\t\t<\/div>\n\t\t\t\t\t<\/div>\n\t\t<\/section>\n\t\t\t\t<section class=\"elementor-section elementor-top-section elementor-element elementor-element-b826d20 elementor-section-full_width elementor-section-stretched elementor-section-height-default elementor-section-height-default\" data-id=\"b826d20\" data-element_type=\"section\" data-settings=\"{&quot;stretch_section&quot;:&quot;section-stretched&quot;}\">\n\t\t\t\t\t\t<div class=\"elementor-container elementor-column-gap-default\">\n\t\t\t\t\t<div class=\"elementor-column elementor-col-50 elementor-top-column elementor-element elementor-element-c257b5f\" data-id=\"c257b5f\" data-element_type=\"column\">\n\t\t\t<div class=\"elementor-widget-wrap elementor-element-populated\">\n\t\t\t\t\t\t<div class=\"elementor-element elementor-element-48e9fa6 elementor-widget elementor-widget-image\" data-id=\"48e9fa6\" data-element_type=\"widget\" data-widget_type=\"image.default\">\n\t\t\t\t<div class=\"elementor-widget-container\">\n\t\t\t\t\t\t\t\t\t\t\t\t\t<img decoding=\"async\" width=\"1024\" height=\"819\" src=\"https:\/\/www.jfvalls.com\/wp-content\/uploads\/2024\/10\/jfvalls-obra-acabada-10-1.png\" class=\"attachment-full size-full wp-image-2539\" alt=\"\" srcset=\"https:\/\/www.jfvalls.com\/wp-content\/uploads\/2024\/10\/jfvalls-obra-acabada-10-1.png 1024w, https:\/\/www.jfvalls.com\/wp-content\/uploads\/2024\/10\/jfvalls-obra-acabada-10-1-300x240.png 300w, https:\/\/www.jfvalls.com\/wp-content\/uploads\/2024\/10\/jfvalls-obra-acabada-10-1-768x614.png 768w, https:\/\/www.jfvalls.com\/wp-content\/uploads\/2024\/10\/jfvalls-obra-acabada-10-1-183x146.png 183w, https:\/\/www.jfvalls.com\/wp-content\/uploads\/2024\/10\/jfvalls-obra-acabada-10-1-50x40.png 50w, https:\/\/www.jfvalls.com\/wp-content\/uploads\/2024\/10\/jfvalls-obra-acabada-10-1-94x75.png 94w\" sizes=\"(max-width: 1024px) 100vw, 1024px\" \/>\t\t\t\t\t\t\t\t\t\t\t\t\t<\/div>\n\t\t\t\t<\/div>\n\t\t\t\t<div class=\"elementor-element elementor-element-0fa7a50 elementor-widget elementor-widget-text-editor\" data-id=\"0fa7a50\" data-element_type=\"widget\" data-widget_type=\"text-editor.default\">\n\t\t\t\t<div class=\"elementor-widget-container\">\n\t\t\t\t\t\t\t<h6><strong>2019<\/strong> &#8211; Edificio plurifamiliar<\/h6><p>C\/ de Sant boI 43-49 Sant Vicen\u00e7 dels Horts<\/p>\t\t\t\t\t\t<\/div>\n\t\t\t\t<\/div>\n\t\t\t\t\t<\/div>\n\t\t<\/div>\n\t\t\t\t<div class=\"elementor-column elementor-col-50 elementor-top-column elementor-element elementor-element-acbf75d\" data-id=\"acbf75d\" data-element_type=\"column\">\n\t\t\t<div class=\"elementor-widget-wrap elementor-element-populated\">\n\t\t\t\t\t\t<div class=\"elementor-element elementor-element-71b097a elementor-widget elementor-widget-image\" data-id=\"71b097a\" data-element_type=\"widget\" data-widget_type=\"image.default\">\n\t\t\t\t<div class=\"elementor-widget-container\">\n\t\t\t\t\t\t\t\t\t\t\t\t\t<img loading=\"lazy\" decoding=\"async\" width=\"1024\" height=\"819\" src=\"https:\/\/www.jfvalls.com\/wp-content\/uploads\/2024\/10\/jfvalls-obra-acabada-1-2.png\" class=\"attachment-full size-full wp-image-2543\" alt=\"\" srcset=\"https:\/\/www.jfvalls.com\/wp-content\/uploads\/2024\/10\/jfvalls-obra-acabada-1-2.png 1024w, https:\/\/www.jfvalls.com\/wp-content\/uploads\/2024\/10\/jfvalls-obra-acabada-1-2-300x240.png 300w, https:\/\/www.jfvalls.com\/wp-content\/uploads\/2024\/10\/jfvalls-obra-acabada-1-2-768x614.png 768w, https:\/\/www.jfvalls.com\/wp-content\/uploads\/2024\/10\/jfvalls-obra-acabada-1-2-183x146.png 183w, https:\/\/www.jfvalls.com\/wp-content\/uploads\/2024\/10\/jfvalls-obra-acabada-1-2-50x40.png 50w, https:\/\/www.jfvalls.com\/wp-content\/uploads\/2024\/10\/jfvalls-obra-acabada-1-2-94x75.png 94w\" sizes=\"(max-width: 1024px) 100vw, 1024px\" \/>\t\t\t\t\t\t\t\t\t\t\t\t\t<\/div>\n\t\t\t\t<\/div>\n\t\t\t\t<div class=\"elementor-element elementor-element-1137bb9 elementor-widget elementor-widget-text-editor\" data-id=\"1137bb9\" data-element_type=\"widget\" data-widget_type=\"text-editor.default\">\n\t\t\t\t<div class=\"elementor-widget-container\">\n\t\t\t\t\t\t\t<h6><strong>2007<\/strong> &#8211; Casas unifamliares<\/h6><p>C\/ Avinguda Central de Sant Antoni, 45-49, Sant Vicen\u00e7 dels Horts<\/p>\t\t\t\t\t\t<\/div>\n\t\t\t\t<\/div>\n\t\t\t\t\t<\/div>\n\t\t<\/div>\n\t\t\t\t\t<\/div>\n\t\t<\/section>\n\t\t\t\t<section class=\"elementor-section elementor-top-section elementor-element elementor-element-c8690fc elementor-section-full_width elementor-section-stretched elementor-section-height-default elementor-section-height-default\" data-id=\"c8690fc\" data-element_type=\"section\" data-settings=\"{&quot;stretch_section&quot;:&quot;section-stretched&quot;}\">\n\t\t\t\t\t\t<div class=\"elementor-container elementor-column-gap-default\">\n\t\t\t\t\t<div class=\"elementor-column elementor-col-50 elementor-top-column elementor-element elementor-element-956abd0\" data-id=\"956abd0\" data-element_type=\"column\">\n\t\t\t<div class=\"elementor-widget-wrap elementor-element-populated\">\n\t\t\t\t\t\t<div class=\"elementor-element elementor-element-260bacf elementor-widget elementor-widget-image\" data-id=\"260bacf\" data-element_type=\"widget\" data-widget_type=\"image.default\">\n\t\t\t\t<div class=\"elementor-widget-container\">\n\t\t\t\t\t\t\t\t\t\t\t\t\t<img loading=\"lazy\" decoding=\"async\" width=\"1024\" height=\"819\" src=\"https:\/\/www.jfvalls.com\/wp-content\/uploads\/2024\/10\/jfvalls-obra-acabada-5-1.png\" class=\"attachment-full size-full wp-image-2545\" alt=\"\" srcset=\"https:\/\/www.jfvalls.com\/wp-content\/uploads\/2024\/10\/jfvalls-obra-acabada-5-1.png 1024w, https:\/\/www.jfvalls.com\/wp-content\/uploads\/2024\/10\/jfvalls-obra-acabada-5-1-300x240.png 300w, https:\/\/www.jfvalls.com\/wp-content\/uploads\/2024\/10\/jfvalls-obra-acabada-5-1-768x614.png 768w, https:\/\/www.jfvalls.com\/wp-content\/uploads\/2024\/10\/jfvalls-obra-acabada-5-1-183x146.png 183w, https:\/\/www.jfvalls.com\/wp-content\/uploads\/2024\/10\/jfvalls-obra-acabada-5-1-50x40.png 50w, https:\/\/www.jfvalls.com\/wp-content\/uploads\/2024\/10\/jfvalls-obra-acabada-5-1-94x75.png 94w\" sizes=\"(max-width: 1024px) 100vw, 1024px\" \/>\t\t\t\t\t\t\t\t\t\t\t\t\t<\/div>\n\t\t\t\t<\/div>\n\t\t\t\t<div class=\"elementor-element elementor-element-8784a46 elementor-widget elementor-widget-text-editor\" data-id=\"8784a46\" data-element_type=\"widget\" data-widget_type=\"text-editor.default\">\n\t\t\t\t<div class=\"elementor-widget-container\">\n\t\t\t\t\t\t\t<h6><strong>2006<\/strong> &#8211; Edificio plurifamiliar<\/h6><p>C\/ Jacint Verdaguer, 65, Sant Vicen\u00e7 dels Horts<\/p>\t\t\t\t\t\t<\/div>\n\t\t\t\t<\/div>\n\t\t\t\t\t<\/div>\n\t\t<\/div>\n\t\t\t\t<div class=\"elementor-column elementor-col-50 elementor-top-column elementor-element elementor-element-b24f4e2\" data-id=\"b24f4e2\" data-element_type=\"column\">\n\t\t\t<div class=\"elementor-widget-wrap elementor-element-populated\">\n\t\t\t\t\t\t<div class=\"elementor-element elementor-element-4d72c2f elementor-widget elementor-widget-image\" data-id=\"4d72c2f\" data-element_type=\"widget\" data-widget_type=\"image.default\">\n\t\t\t\t<div class=\"elementor-widget-container\">\n\t\t\t\t\t\t\t\t\t\t\t\t\t<img loading=\"lazy\" decoding=\"async\" width=\"1024\" height=\"819\" src=\"https:\/\/www.jfvalls.com\/wp-content\/uploads\/2024\/10\/jfvalls-obra-acabada-9-2.png\" class=\"attachment-full size-full wp-image-2549\" alt=\"\" srcset=\"https:\/\/www.jfvalls.com\/wp-content\/uploads\/2024\/10\/jfvalls-obra-acabada-9-2.png 1024w, https:\/\/www.jfvalls.com\/wp-content\/uploads\/2024\/10\/jfvalls-obra-acabada-9-2-300x240.png 300w, https:\/\/www.jfvalls.com\/wp-content\/uploads\/2024\/10\/jfvalls-obra-acabada-9-2-768x614.png 768w, https:\/\/www.jfvalls.com\/wp-content\/uploads\/2024\/10\/jfvalls-obra-acabada-9-2-183x146.png 183w, https:\/\/www.jfvalls.com\/wp-content\/uploads\/2024\/10\/jfvalls-obra-acabada-9-2-50x40.png 50w, https:\/\/www.jfvalls.com\/wp-content\/uploads\/2024\/10\/jfvalls-obra-acabada-9-2-94x75.png 94w\" sizes=\"(max-width: 1024px) 100vw, 1024px\" \/>\t\t\t\t\t\t\t\t\t\t\t\t\t<\/div>\n\t\t\t\t<\/div>\n\t\t\t\t<div class=\"elementor-element elementor-element-034999f elementor-widget elementor-widget-text-editor\" data-id=\"034999f\" data-element_type=\"widget\" data-widget_type=\"text-editor.default\">\n\t\t\t\t<div class=\"elementor-widget-container\">\n\t\t\t\t\t\t\t<h6><strong>2005<\/strong> &#8211; Edificio plurifamiliar<\/h6><p>C\/ del Serral 51-53, Sant Vicen\u00e7 dels Horts<\/p>\t\t\t\t\t\t<\/div>\n\t\t\t\t<\/div>\n\t\t\t\t\t<\/div>\n\t\t<\/div>\n\t\t\t\t\t<\/div>\n\t\t<\/section>\n\t\t\t\t<section class=\"elementor-section elementor-top-section elementor-element elementor-element-0b19447 elementor-section-full_width elementor-section-stretched elementor-section-height-default elementor-section-height-default\" data-id=\"0b19447\" data-element_type=\"section\" data-settings=\"{&quot;stretch_section&quot;:&quot;section-stretched&quot;}\">\n\t\t\t\t\t\t<div class=\"elementor-container elementor-column-gap-default\">\n\t\t\t\t\t<div class=\"elementor-column elementor-col-50 elementor-top-column elementor-element elementor-element-ce6934a\" data-id=\"ce6934a\" data-element_type=\"column\">\n\t\t\t<div class=\"elementor-widget-wrap elementor-element-populated\">\n\t\t\t\t\t\t<div class=\"elementor-element elementor-element-b1f3ece elementor-widget elementor-widget-image\" data-id=\"b1f3ece\" data-element_type=\"widget\" data-widget_type=\"image.default\">\n\t\t\t\t<div class=\"elementor-widget-container\">\n\t\t\t\t\t\t\t\t\t\t\t\t\t<img loading=\"lazy\" decoding=\"async\" width=\"1024\" height=\"819\" src=\"https:\/\/www.jfvalls.com\/wp-content\/uploads\/2024\/10\/jfvalls-obra-acabada-8-1.png\" class=\"attachment-full size-full wp-image-2551\" alt=\"\" srcset=\"https:\/\/www.jfvalls.com\/wp-content\/uploads\/2024\/10\/jfvalls-obra-acabada-8-1.png 1024w, https:\/\/www.jfvalls.com\/wp-content\/uploads\/2024\/10\/jfvalls-obra-acabada-8-1-300x240.png 300w, https:\/\/www.jfvalls.com\/wp-content\/uploads\/2024\/10\/jfvalls-obra-acabada-8-1-768x614.png 768w, https:\/\/www.jfvalls.com\/wp-content\/uploads\/2024\/10\/jfvalls-obra-acabada-8-1-183x146.png 183w, https:\/\/www.jfvalls.com\/wp-content\/uploads\/2024\/10\/jfvalls-obra-acabada-8-1-50x40.png 50w, https:\/\/www.jfvalls.com\/wp-content\/uploads\/2024\/10\/jfvalls-obra-acabada-8-1-94x75.png 94w\" sizes=\"(max-width: 1024px) 100vw, 1024px\" \/>\t\t\t\t\t\t\t\t\t\t\t\t\t<\/div>\n\t\t\t\t<\/div>\n\t\t\t\t<div class=\"elementor-element elementor-element-758dde1 elementor-widget elementor-widget-text-editor\" data-id=\"758dde1\" data-element_type=\"widget\" data-widget_type=\"text-editor.default\">\n\t\t\t\t<div class=\"elementor-widget-container\">\n\t\t\t\t\t\t\t<h6><strong>2020<\/strong> &#8211; Casas unifamiliares<\/h6><p>C\/ de Sant Boi 24-50, Sant Vicen\u00e7 dels Horts<\/p>\t\t\t\t\t\t<\/div>\n\t\t\t\t<\/div>\n\t\t\t\t\t<\/div>\n\t\t<\/div>\n\t\t\t\t<div class=\"elementor-column elementor-col-50 elementor-top-column elementor-element elementor-element-21305bc\" data-id=\"21305bc\" data-element_type=\"column\">\n\t\t\t<div class=\"elementor-widget-wrap elementor-element-populated\">\n\t\t\t\t\t\t<div class=\"elementor-element elementor-element-7889345 elementor-widget elementor-widget-image\" data-id=\"7889345\" data-element_type=\"widget\" data-widget_type=\"image.default\">\n\t\t\t\t<div class=\"elementor-widget-container\">\n\t\t\t\t\t\t\t\t\t\t\t\t\t<img loading=\"lazy\" decoding=\"async\" width=\"1024\" height=\"819\" src=\"https:\/\/www.jfvalls.com\/wp-content\/uploads\/2024\/10\/jfvalls-obra-acabada-3-1.png\" class=\"attachment-full size-full wp-image-2553\" alt=\"\" srcset=\"https:\/\/www.jfvalls.com\/wp-content\/uploads\/2024\/10\/jfvalls-obra-acabada-3-1.png 1024w, https:\/\/www.jfvalls.com\/wp-content\/uploads\/2024\/10\/jfvalls-obra-acabada-3-1-300x240.png 300w, https:\/\/www.jfvalls.com\/wp-content\/uploads\/2024\/10\/jfvalls-obra-acabada-3-1-768x614.png 768w, https:\/\/www.jfvalls.com\/wp-content\/uploads\/2024\/10\/jfvalls-obra-acabada-3-1-183x146.png 183w, https:\/\/www.jfvalls.com\/wp-content\/uploads\/2024\/10\/jfvalls-obra-acabada-3-1-50x40.png 50w, https:\/\/www.jfvalls.com\/wp-content\/uploads\/2024\/10\/jfvalls-obra-acabada-3-1-94x75.png 94w\" sizes=\"(max-width: 1024px) 100vw, 1024px\" \/>\t\t\t\t\t\t\t\t\t\t\t\t\t<\/div>\n\t\t\t\t<\/div>\n\t\t\t\t<div class=\"elementor-element elementor-element-d803210 elementor-widget elementor-widget-text-editor\" data-id=\"d803210\" data-element_type=\"widget\" data-widget_type=\"text-editor.default\">\n\t\t\t\t<div class=\"elementor-widget-container\">\n\t\t\t\t\t\t\t<h6><strong>2004<\/strong> &#8211; Edificio plurifamiliar<\/h6><p>C\/ Balmes 33-37, Sant Vicen\u00e7 dels Horts<\/p>\t\t\t\t\t\t<\/div>\n\t\t\t\t<\/div>\n\t\t\t\t\t<\/div>\n\t\t<\/div>\n\t\t\t\t\t<\/div>\n\t\t<\/section>\n\t\t\t\t<section class=\"elementor-section elementor-top-section elementor-element elementor-element-3f58a00 elementor-section-full_width elementor-section-stretched elementor-section-height-default elementor-section-height-default\" data-id=\"3f58a00\" data-element_type=\"section\" data-settings=\"{&quot;stretch_section&quot;:&quot;section-stretched&quot;}\">\n\t\t\t\t\t\t<div class=\"elementor-container elementor-column-gap-default\">\n\t\t\t\t\t<div class=\"elementor-column elementor-col-50 elementor-top-column elementor-element elementor-element-a0fdc4f\" data-id=\"a0fdc4f\" data-element_type=\"column\">\n\t\t\t<div class=\"elementor-widget-wrap elementor-element-populated\">\n\t\t\t\t\t\t<div class=\"elementor-element elementor-element-0effc72 elementor-widget elementor-widget-image\" data-id=\"0effc72\" data-element_type=\"widget\" data-widget_type=\"image.default\">\n\t\t\t\t<div class=\"elementor-widget-container\">\n\t\t\t\t\t\t\t\t\t\t\t\t\t<img loading=\"lazy\" decoding=\"async\" width=\"1024\" height=\"819\" src=\"https:\/\/www.jfvalls.com\/wp-content\/uploads\/2024\/10\/jfvalls-obra-acabada-4-1.png\" class=\"attachment-full size-full wp-image-2555\" alt=\"\" srcset=\"https:\/\/www.jfvalls.com\/wp-content\/uploads\/2024\/10\/jfvalls-obra-acabada-4-1.png 1024w, https:\/\/www.jfvalls.com\/wp-content\/uploads\/2024\/10\/jfvalls-obra-acabada-4-1-300x240.png 300w, https:\/\/www.jfvalls.com\/wp-content\/uploads\/2024\/10\/jfvalls-obra-acabada-4-1-768x614.png 768w, https:\/\/www.jfvalls.com\/wp-content\/uploads\/2024\/10\/jfvalls-obra-acabada-4-1-183x146.png 183w, https:\/\/www.jfvalls.com\/wp-content\/uploads\/2024\/10\/jfvalls-obra-acabada-4-1-50x40.png 50w, https:\/\/www.jfvalls.com\/wp-content\/uploads\/2024\/10\/jfvalls-obra-acabada-4-1-94x75.png 94w\" sizes=\"(max-width: 1024px) 100vw, 1024px\" \/>\t\t\t\t\t\t\t\t\t\t\t\t\t<\/div>\n\t\t\t\t<\/div>\n\t\t\t\t<div class=\"elementor-element elementor-element-a38b6e1 elementor-widget elementor-widget-text-editor\" data-id=\"a38b6e1\" data-element_type=\"widget\" data-widget_type=\"text-editor.default\">\n\t\t\t\t<div class=\"elementor-widget-container\">\n\t\t\t\t\t\t\t<h6><strong>2003<\/strong> &#8211; Edificio plurifamiliar<\/h6><p>C\/ 1r de maig, Sant Vicen\u00e7 dels Horts<\/p>\t\t\t\t\t\t<\/div>\n\t\t\t\t<\/div>\n\t\t\t\t\t<\/div>\n\t\t<\/div>\n\t\t\t\t<div class=\"elementor-column elementor-col-50 elementor-top-column elementor-element elementor-element-8a37ae4\" data-id=\"8a37ae4\" data-element_type=\"column\">\n\t\t\t<div class=\"elementor-widget-wrap elementor-element-populated\">\n\t\t\t\t\t\t<div class=\"elementor-element elementor-element-2594601 elementor-widget elementor-widget-image\" data-id=\"2594601\" data-element_type=\"widget\" data-widget_type=\"image.default\">\n\t\t\t\t<div class=\"elementor-widget-container\">\n\t\t\t\t\t\t\t\t\t\t\t\t\t<img loading=\"lazy\" decoding=\"async\" width=\"1024\" height=\"819\" src=\"https:\/\/www.jfvalls.com\/wp-content\/uploads\/2024\/10\/jfvalls-obra-acabada-2-1.png\" class=\"attachment-full size-full wp-image-2557\" alt=\"\" srcset=\"https:\/\/www.jfvalls.com\/wp-content\/uploads\/2024\/10\/jfvalls-obra-acabada-2-1.png 1024w, https:\/\/www.jfvalls.com\/wp-content\/uploads\/2024\/10\/jfvalls-obra-acabada-2-1-300x240.png 300w, https:\/\/www.jfvalls.com\/wp-content\/uploads\/2024\/10\/jfvalls-obra-acabada-2-1-768x614.png 768w, https:\/\/www.jfvalls.com\/wp-content\/uploads\/2024\/10\/jfvalls-obra-acabada-2-1-183x146.png 183w, https:\/\/www.jfvalls.com\/wp-content\/uploads\/2024\/10\/jfvalls-obra-acabada-2-1-50x40.png 50w, https:\/\/www.jfvalls.com\/wp-content\/uploads\/2024\/10\/jfvalls-obra-acabada-2-1-94x75.png 94w\" sizes=\"(max-width: 1024px) 100vw, 1024px\" \/>\t\t\t\t\t\t\t\t\t\t\t\t\t<\/div>\n\t\t\t\t<\/div>\n\t\t\t\t<div class=\"elementor-element elementor-element-0c94134 elementor-widget elementor-widget-text-editor\" data-id=\"0c94134\" data-element_type=\"widget\" data-widget_type=\"text-editor.default\">\n\t\t\t\t<div class=\"elementor-widget-container\">\n\t\t\t\t\t\t\t<h6><strong>2002<\/strong> &#8211; Casas unifamiliares<\/h6><p>C\/ Anselm Clav\u00e9 105-119, Sant Vicen\u00e7 dels Horts<\/p>\t\t\t\t\t\t<\/div>\n\t\t\t\t<\/div>\n\t\t\t\t\t<\/div>\n\t\t<\/div>\n\t\t\t\t\t<\/div>\n\t\t<\/section>\n\t\t\t\t<\/div>\n\t\t","protected":false},"excerpt":{"rendered":"<p>Obra acabada Descubre todas nuestras construcciones realizadas en los \u00faltimos a\u00f1os 2024\/2025 &#8211; Edificio plurifamiliar &#8211; EN CONSTRUCCI\u00d3N C\/ Dr. Robert, 14, 08620 Sant Vicen\u00e7 dels<span class=\"excerpt-hellip\"> [\u2026]<\/span><\/p>\n","protected":false},"author":7,"featured_media":0,"parent":0,"menu_order":300,"comment_status":"closed","ping_status":"closed","template":"","meta":{"_joinchat":[],"footnotes":""},"class_list":["post-1548","page","type-page","status-publish","hentry"],"yoast_head":"<!-- This site is optimized with the Yoast SEO plugin v24.0 - https:\/\/yoast.com\/wordpress\/plugins\/seo\/ -->\n<title>J.F. Valls - Obra acabada<\/title>\n<meta name=\"description\" content=\"\u00daltims treballs lliurats...\" \/>\n<meta name=\"robots\" content=\"index, follow, max-snippet:-1, max-image-preview:large, max-video-preview:-1\" \/>\n<link rel=\"canonical\" href=\"https:\/\/www.jfvalls.com\/es\/obra-acabada\/\" \/>\n<meta property=\"og:locale\" content=\"es_ES\" \/>\n<meta property=\"og:type\" content=\"article\" \/>\n<meta property=\"og:title\" content=\"J.F. Valls - Obra acabada\" \/>\n<meta property=\"og:description\" content=\"\u00daltims treballs lliurats...\" \/>\n<meta property=\"og:url\" content=\"https:\/\/www.jfvalls.com\/es\/obra-acabada\/\" \/>\n<meta property=\"og:site_name\" content=\"J.F. VALLS, construcci\u00f3, obres, reformes, cases, en sant vicens horts\" \/>\n<meta property=\"article:modified_time\" content=\"2024-10-24T07:57:30+00:00\" \/>\n<meta property=\"og:image\" content=\"https:\/\/www.jfvalls.com\/wp-content\/uploads\/2024\/10\/render-jfvalls-1024x819-1-2.jpg\" \/>\n\t<meta property=\"og:image:width\" content=\"1024\" \/>\n\t<meta property=\"og:image:height\" content=\"819\" \/>\n\t<meta property=\"og:image:type\" content=\"image\/jpeg\" \/>\n<meta name=\"twitter:card\" content=\"summary_large_image\" \/>\n<meta name=\"twitter:label1\" content=\"Tiempo de lectura\" \/>\n\t<meta name=\"twitter:data1\" content=\"3 minutos\" \/>\n<script type=\"application\/ld+json\" class=\"yoast-schema-graph\">{\"@context\":\"https:\/\/schema.org\",\"@graph\":[{\"@type\":\"WebPage\",\"@id\":\"https:\/\/www.jfvalls.com\/es\/obra-acabada\/\",\"url\":\"https:\/\/www.jfvalls.com\/es\/obra-acabada\/\",\"name\":\"J.F. Valls - Obra acabada\",\"isPartOf\":{\"@id\":\"https:\/\/www.jfvalls.com\/#website\"},\"primaryImageOfPage\":{\"@id\":\"https:\/\/www.jfvalls.com\/es\/obra-acabada\/#primaryimage\"},\"image\":{\"@id\":\"https:\/\/www.jfvalls.com\/es\/obra-acabada\/#primaryimage\"},\"thumbnailUrl\":\"https:\/\/www.jfvalls.com\/wp-content\/uploads\/2024\/10\/render-jfvalls-1024x819-1-2.jpg\",\"datePublished\":\"2023-10-20T08:54:55+00:00\",\"dateModified\":\"2024-10-24T07:57:30+00:00\",\"description\":\"\u00daltims treballs lliurats...\",\"breadcrumb\":{\"@id\":\"https:\/\/www.jfvalls.com\/es\/obra-acabada\/#breadcrumb\"},\"inLanguage\":\"es\",\"potentialAction\":[{\"@type\":\"ReadAction\",\"target\":[\"https:\/\/www.jfvalls.com\/es\/obra-acabada\/\"]}]},{\"@type\":\"ImageObject\",\"inLanguage\":\"es\",\"@id\":\"https:\/\/www.jfvalls.com\/es\/obra-acabada\/#primaryimage\",\"url\":\"https:\/\/www.jfvalls.com\/wp-content\/uploads\/2024\/10\/render-jfvalls-1024x819-1-2.jpg\",\"contentUrl\":\"https:\/\/www.jfvalls.com\/wp-content\/uploads\/2024\/10\/render-jfvalls-1024x819-1-2.jpg\"},{\"@type\":\"BreadcrumbList\",\"@id\":\"https:\/\/www.jfvalls.com\/es\/obra-acabada\/#breadcrumb\",\"itemListElement\":[{\"@type\":\"ListItem\",\"position\":1,\"name\":\"Home\",\"item\":\"https:\/\/www.jfvalls.com\/es\/\"},{\"@type\":\"ListItem\",\"position\":2,\"name\":\"Obra acabada\"}]},{\"@type\":\"WebSite\",\"@id\":\"https:\/\/www.jfvalls.com\/#website\",\"url\":\"https:\/\/www.jfvalls.com\/\",\"name\":\"J.F. VALLS, construcci\u00f3, obres, reformes, cases, en sant vicens horts\",\"description\":\"J.F. VALLS, construcci\u00f3, reformes, construcci\u00f3 cases, reformes pisos, en sant vicens horts\",\"publisher\":{\"@id\":\"https:\/\/www.jfvalls.com\/#organization\"},\"potentialAction\":[{\"@type\":\"SearchAction\",\"target\":{\"@type\":\"EntryPoint\",\"urlTemplate\":\"https:\/\/www.jfvalls.com\/?s={search_term_string}\"},\"query-input\":{\"@type\":\"PropertyValueSpecification\",\"valueRequired\":true,\"valueName\":\"search_term_string\"}}],\"inLanguage\":\"es\"},{\"@type\":\"Organization\",\"@id\":\"https:\/\/www.jfvalls.com\/#organization\",\"name\":\"afondos.com\",\"url\":\"https:\/\/www.jfvalls.com\/\",\"logo\":{\"@type\":\"ImageObject\",\"inLanguage\":\"es\",\"@id\":\"https:\/\/www.jfvalls.com\/#\/schema\/logo\/image\/\",\"url\":\"https:\/\/www.jfvalls.com\/wp-content\/uploads\/2022\/07\/afondo-round.png\",\"contentUrl\":\"https:\/\/www.jfvalls.com\/wp-content\/uploads\/2022\/07\/afondo-round.png\",\"width\":85,\"height\":89,\"caption\":\"afondos.com\"},\"image\":{\"@id\":\"https:\/\/www.jfvalls.com\/#\/schema\/logo\/image\/\"}}]}<\/script>\n<!-- \/ Yoast SEO plugin. -->","yoast_head_json":{"title":"J.F. Valls - Obra acabada","description":"\u00daltims treballs lliurats...","robots":{"index":"index","follow":"follow","max-snippet":"max-snippet:-1","max-image-preview":"max-image-preview:large","max-video-preview":"max-video-preview:-1"},"canonical":"https:\/\/www.jfvalls.com\/es\/obra-acabada\/","og_locale":"es_ES","og_type":"article","og_title":"J.F. Valls - Obra acabada","og_description":"\u00daltims treballs lliurats...","og_url":"https:\/\/www.jfvalls.com\/es\/obra-acabada\/","og_site_name":"J.F. VALLS, construcci\u00f3, obres, reformes, cases, en sant vicens horts","article_modified_time":"2024-10-24T07:57:30+00:00","og_image":[{"width":1024,"height":819,"url":"https:\/\/www.jfvalls.com\/wp-content\/uploads\/2024\/10\/render-jfvalls-1024x819-1-2.jpg","type":"image\/jpeg"}],"twitter_card":"summary_large_image","twitter_misc":{"Tiempo de lectura":"3 minutos"},"schema":{"@context":"https:\/\/schema.org","@graph":[{"@type":"WebPage","@id":"https:\/\/www.jfvalls.com\/es\/obra-acabada\/","url":"https:\/\/www.jfvalls.com\/es\/obra-acabada\/","name":"J.F. Valls - Obra acabada","isPartOf":{"@id":"https:\/\/www.jfvalls.com\/#website"},"primaryImageOfPage":{"@id":"https:\/\/www.jfvalls.com\/es\/obra-acabada\/#primaryimage"},"image":{"@id":"https:\/\/www.jfvalls.com\/es\/obra-acabada\/#primaryimage"},"thumbnailUrl":"https:\/\/www.jfvalls.com\/wp-content\/uploads\/2024\/10\/render-jfvalls-1024x819-1-2.jpg","datePublished":"2023-10-20T08:54:55+00:00","dateModified":"2024-10-24T07:57:30+00:00","description":"\u00daltims treballs lliurats...","breadcrumb":{"@id":"https:\/\/www.jfvalls.com\/es\/obra-acabada\/#breadcrumb"},"inLanguage":"es","potentialAction":[{"@type":"ReadAction","target":["https:\/\/www.jfvalls.com\/es\/obra-acabada\/"]}]},{"@type":"ImageObject","inLanguage":"es","@id":"https:\/\/www.jfvalls.com\/es\/obra-acabada\/#primaryimage","url":"https:\/\/www.jfvalls.com\/wp-content\/uploads\/2024\/10\/render-jfvalls-1024x819-1-2.jpg","contentUrl":"https:\/\/www.jfvalls.com\/wp-content\/uploads\/2024\/10\/render-jfvalls-1024x819-1-2.jpg"},{"@type":"BreadcrumbList","@id":"https:\/\/www.jfvalls.com\/es\/obra-acabada\/#breadcrumb","itemListElement":[{"@type":"ListItem","position":1,"name":"Home","item":"https:\/\/www.jfvalls.com\/es\/"},{"@type":"ListItem","position":2,"name":"Obra acabada"}]},{"@type":"WebSite","@id":"https:\/\/www.jfvalls.com\/#website","url":"https:\/\/www.jfvalls.com\/","name":"J.F. VALLS, construcci\u00f3, obres, reformes, cases, en sant vicens horts","description":"J.F. VALLS, construcci\u00f3, reformes, construcci\u00f3 cases, reformes pisos, en sant vicens horts","publisher":{"@id":"https:\/\/www.jfvalls.com\/#organization"},"potentialAction":[{"@type":"SearchAction","target":{"@type":"EntryPoint","urlTemplate":"https:\/\/www.jfvalls.com\/?s={search_term_string}"},"query-input":{"@type":"PropertyValueSpecification","valueRequired":true,"valueName":"search_term_string"}}],"inLanguage":"es"},{"@type":"Organization","@id":"https:\/\/www.jfvalls.com\/#organization","name":"afondos.com","url":"https:\/\/www.jfvalls.com\/","logo":{"@type":"ImageObject","inLanguage":"es","@id":"https:\/\/www.jfvalls.com\/#\/schema\/logo\/image\/","url":"https:\/\/www.jfvalls.com\/wp-content\/uploads\/2022\/07\/afondo-round.png","contentUrl":"https:\/\/www.jfvalls.com\/wp-content\/uploads\/2022\/07\/afondo-round.png","width":85,"height":89,"caption":"afondos.com"},"image":{"@id":"https:\/\/www.jfvalls.com\/#\/schema\/logo\/image\/"}}]}},"_links":{"self":[{"href":"https:\/\/www.jfvalls.com\/es\/wp-json\/wp\/v2\/pages\/1548"}],"collection":[{"href":"https:\/\/www.jfvalls.com\/es\/wp-json\/wp\/v2\/pages"}],"about":[{"href":"https:\/\/www.jfvalls.com\/es\/wp-json\/wp\/v2\/types\/page"}],"author":[{"embeddable":true,"href":"https:\/\/www.jfvalls.com\/es\/wp-json\/wp\/v2\/users\/7"}],"replies":[{"embeddable":true,"href":"https:\/\/www.jfvalls.com\/es\/wp-json\/wp\/v2\/comments?post=1548"}],"version-history":[{"count":46,"href":"https:\/\/www.jfvalls.com\/es\/wp-json\/wp\/v2\/pages\/1548\/revisions"}],"predecessor-version":[{"id":2650,"href":"https:\/\/www.jfvalls.com\/es\/wp-json\/wp\/v2\/pages\/1548\/revisions\/2650"}],"wp:attachment":[{"href":"https:\/\/www.jfvalls.com\/es\/wp-json\/wp\/v2\/media?parent=1548"}],"curies":[{"name":"wp","href":"https:\/\/api.w.org\/{rel}","templated":true}]}}